{"id":843,"date":"2025-03-30T22:30:30","date_gmt":"2025-03-30T22:30:30","guid":{"rendered":"https:\/\/normaleskildsen.mx\/eduprimaria\/?page_id=843"},"modified":"2025-04-20T20:14:55","modified_gmt":"2025-04-20T20:14:55","slug":"mural-raices-del-normalismo","status":"publish","type":"page","link":"https:\/\/normaleskildsen.mx\/eduprimaria\/mural-raices-del-normalismo\/","title":{"rendered":"Mural &#8220;Ra\u00edces del normalismo&#8221;"},"content":{"rendered":"\n<div class=\"wp-block-columns has-small-font-size is-layout-flex wp-container-core-columns-is-layout-28f84493 wp-block-columns-is-layout-flex\">\n<div class=\"wp-block-column is-layout-flow wp-block-column-is-layout-flow\">\n<div class=\"wp-block-columns is-layout-flex wp-container-core-columns-is-layout-28f84493 wp-block-columns-is-layout-flex\">\n<div class=\"wp-block-column is-layout-flow wp-block-column-is-layout-flow\">\n<div class=\"wp-block-columns is-layout-flex wp-container-core-columns-is-layout-28f84493 wp-block-columns-is-layout-flex\">\n<div class=\"wp-block-column is-layout-flow wp-block-column-is-layout-flow\">\n<p class=\"has-small-font-size\"><\/p>\n\n\n\n<p class=\"has-black-color has-text-color has-link-color wp-elements-54c5131be7c304b0a1e912888cd0543d\" style=\"margin-top:var(--wp--preset--spacing--20);margin-right:var(--wp--preset--spacing--80);margin-bottom:var(--wp--preset--spacing--20);margin-left:var(--wp--preset--spacing--80);font-size:16px\">Nuestros s\u00edmbolos intitucionales nos dan identidad y orgullo, por tanto se dedica este apartado en el cual podr\u00e1n encontrar nuestro invaluable Himno Institucional &#8220;<em>Soy normalista<\/em>&#8220;, nuestro Escudo, nuestros murales &#8220;<em>Nuestro derecho c\u00f3smico a protestar<\/em>&#8220;, &#8220;<em>Ra\u00edces del normalismo<\/em>&#8221; y la historia de nuestra fundadora, Dra. Rosario Mar\u00eda Guti\u00e9rrez Eskildsen.<\/p>\n\n\n\n<div class=\"wp-block-columns is-layout-flex wp-container-core-columns-is-layout-28f84493 wp-block-columns-is-layout-flex\">\n<div class=\"wp-block-column is-layout-flow wp-block-column-is-layout-flow\" style=\"flex-basis:25%\"><\/div>\n\n\n\n<div class=\"wp-block-column is-layout-flow wp-block-column-is-layout-flow\" style=\"flex-basis:50%\"><\/div>\n\n\n\n<div class=\"wp-block-column is-layout-flow wp-block-column-is-layout-flow\" style=\"flex-basis:25%\"><\/div>\n<\/div>\n<\/div>\n<\/div>\n<\/div>\n<\/div>\n<\/div>\n<\/div>\n\n\n\n<div class=\"wp-block-essential-blocks-advanced-tabs alignwide  root-eb-advanced-tabs-73ol9\"><div class=\"eb-parent-wrapper eb-parent-eb-advanced-tabs-73ol9 \"><div class=\"eb-advanced-tabs-73ol9 eb-advanced-tabs-wrapper horizontal\" data-min-height=\"true\"><div class=\"eb-tabs-nav\"><ul class=\"tabTitles\" data-tabs-ul-id=\"eb-advanced-tabs-73ol9\"><li data-title-tab-id=\"5\" class=\"inactive\"><h6 class=\"tab-title-text\">Mural \u201cRa\u00edces del Normalismo\u201d<\/h6><\/li><\/ul><\/div><div class=\"eb-tabs-contents\">\n<div class=\"eb-tab-wrapper\" data-tab-id=\"5\" data-tab-parent-id=\"eb-advanced-tabs-73ol9\"><div class=\"eb-tab-inner\">\n<div class=\"wp-block-columns is-layout-flex wp-container-core-columns-is-layout-28f84493 wp-block-columns-is-layout-flex\">\n<div class=\"wp-block-column is-layout-flow wp-block-column-is-layout-flow\">\n<figure class=\"wp-block-image aligncenter size-large is-resized\"><img decoding=\"async\" width=\"1024\" height=\"245\" src=\"https:\/\/normaleskildsen.mx\/eduprimaria\/wp-content\/uploads\/2025\/03\/MG_8984-2-1024x245.jpg\" alt=\"\" class=\"wp-image-561\" style=\"width:1301px;height:auto\" srcset=\"https:\/\/normaleskildsen.mx\/eduprimaria\/wp-content\/uploads\/2025\/03\/MG_8984-2-1024x245.jpg 1024w, https:\/\/normaleskildsen.mx\/eduprimaria\/wp-content\/uploads\/2025\/03\/MG_8984-2-300x72.jpg 300w, https:\/\/normaleskildsen.mx\/eduprimaria\/wp-content\/uploads\/2025\/03\/MG_8984-2-768x184.jpg 768w, https:\/\/normaleskildsen.mx\/eduprimaria\/wp-content\/uploads\/2025\/03\/MG_8984-2-1536x368.jpg 1536w, https:\/\/normaleskildsen.mx\/eduprimaria\/wp-content\/uploads\/2025\/03\/MG_8984-2-2048x490.jpg 2048w\" sizes=\"(max-width: 1024px) 100vw, 1024px\" \/><\/figure>\n<\/div>\n<\/div>\n\n\n\n<div class=\"wp-block-columns is-layout-flex wp-container-core-columns-is-layout-28f84493 wp-block-columns-is-layout-flex\">\n<div class=\"wp-block-column is-layout-flow wp-block-column-is-layout-flow\">\n<div class=\"wp-block-columns is-layout-flex wp-container-core-columns-is-layout-28f84493 wp-block-columns-is-layout-flex\">\n<div class=\"wp-block-column is-layout-flow wp-block-column-is-layout-flow\" style=\"flex-basis:25%\"><\/div>\n\n\n\n<div class=\"wp-block-column is-layout-flow wp-block-column-is-layout-flow\" style=\"flex-basis:50%\"><\/div>\n\n\n\n<div class=\"wp-block-column is-layout-flow wp-block-column-is-layout-flow\" style=\"flex-basis:25%\"><\/div>\n<\/div>\n<\/div>\n<\/div>\n\n\n\n<div class=\"wp-block-columns is-layout-flex wp-container-core-columns-is-layout-28f84493 wp-block-columns-is-layout-flex\">\n<div class=\"wp-block-column is-layout-flow wp-block-column-is-layout-flow\">\n<div class=\"wp-block-columns is-layout-flex wp-container-core-columns-is-layout-28f84493 wp-block-columns-is-layout-flex\">\n<div class=\"wp-block-column is-layout-flow wp-block-column-is-layout-flow\" style=\"flex-basis:15%\"><\/div>\n\n\n\n<div class=\"wp-block-column is-layout-flow wp-block-column-is-layout-flow\" style=\"flex-basis:70%\">\n<p class=\"has-text-align-center has-small-font-size\" style=\"margin-right:var(--wp--preset--spacing--40);margin-left:var(--wp--preset--spacing--40)\"><strong>Mural \u201cRa\u00edces del Normalismo\u201d<\/strong><\/p>\n\n\n\n<div style=\"text-align: justify;\">\n\n\n\n<p class=\"has-text-align-left has-tiny-font-size\" style=\"margin-top:var(--wp--preset--spacing--40);margin-right:0;margin-bottom:var(--wp--preset--spacing--40);margin-left:0\"><strong>Descripci\u00f3n de la obra<\/strong><\/p>\n\n\n\n<p class=\"has-tiny-font-size\" style=\"margin-top:var(--wp--preset--spacing--40);margin-right:0;margin-bottom:var(--wp--preset--spacing--40);margin-left:0\">El arte como medio de expresi\u00f3n ha acompa\u00f1ado a la humanidad desde sus inicios, y es a trav\u00e9s del arte, en este caso a trav\u00e9s de la pintura que buscamos plasmar la vida, obra y pasi\u00f3n de una tabasque\u00f1a excepcional &#8220;Rosario Mar\u00eda Guti\u00e9rrez Eskildsen&#8221;, Lexic\u00f3grafa, Ling\u00fcista, Educadora y Poeta.<br>Pionera como Pedagoga en el estado y el pa\u00eds. En el mural, su rostro es dividido a la mitad por un libro (s\u00edmbolo de su pasi\u00f3n por las letras) y al centro un coraz\u00f3n enraizado, el cual simboliza todo aquello que nos identifica como tabasque\u00f1os. Al lado izquierdo el perfil de la cabeza Olmeca mirando hacia el pasado, nos muestra los inicios de la antigua escuela llamada &#8220;La granja&#8221; y tambi\u00e9n la exuberante selva con su riqueza de flora y fauna.<br>Del lado derecho de nuevo el perfil de la cabeza olmeca mirando hacia el presente y el futuro de la educaci\u00f3n en el estado, una mano surge de entre la jungla y se\u00f1ala el camino, simboliza a los profesores que con paciencia y dedicaci\u00f3n gu\u00edan a los j\u00f3venes por el camino de la profesionalizaci\u00f3n, j\u00f3venes capaces de cuestionar y cuestionarse, j\u00f3venes que son formados con la visi\u00f3n de hacer de nuestro estado un lugar prospero. Agua, sol y viento est\u00e1n presentes en esta obra, flora, fauna y seres humanos en armon\u00eda, pero, sobre todo, el pretexto para homenajear a una gran mujer. Rosario Mar\u00eda Guti\u00e9rrez Eskildsen.<\/p>\n\n\n\n<p class=\"has-tiny-font-size\" style=\"margin-top:var(--wp--preset--spacing--40);margin-right:0;margin-bottom:var(--wp--preset--spacing--40);margin-left:0\"><strong>Generalidades de la obra<\/strong><\/p>\n\n\n\n<p class=\"has-tiny-font-size\" style=\"margin-top:var(--wp--preset--spacing--40);margin-right:0;margin-bottom:var(--wp--preset--spacing--40);margin-left:0\">Autores: \u00c1ngel Escudero Meza e Ignacio M\u00e9ndez S\u00e1nchez<br>Tiempo de realizaci\u00f3n: 45 a 60 d\u00edas<br>T\u00e9cnica pict\u00f3rica: pintura vinil acr\u00edlica<br>Superficie a pintar: 33m2 aproximadamente<\/p>\n\n\n\n<p class=\"has-tiny-font-size\" style=\"margin-top:var(--wp--preset--spacing--40);margin-right:0;margin-bottom:var(--wp--preset--spacing--40);margin-left:0\"><strong>Informaci\u00f3n a cerca del autor<\/strong><\/p>\n\n\n\n<p class=\"has-tiny-font-size\" style=\"margin-top:var(--wp--preset--spacing--40);margin-right:0;margin-bottom:var(--wp--preset--spacing--40);margin-left:0\">Angel Escudero MezaArtista visual. Originario de Huimanguillo, Tabasco. A lo largo de los a\u00f1os me he desempe\u00f1ado como profesor de dibujo, pintura, escultura yen los \u00faltimos 7 a\u00f1os como muralista. He participado en diversas exposiciones colectivas, entre las que destacan &#8220;Pretextos del Solsticio&#8221; exposici\u00f3n que recorre diversos centros culturales del pa\u00eds. &#8220;Del Tlalocan Tzompantli&#8221; cr\u00e1neo de cartoner\u00eda. Exposici\u00f3n realizada en la ciudad de Bitonto, Italia en Casa Mexicana, pasando a ser expuesta en Barcelona, Espa\u00f1a en Galleria Haimney. Y la m\u00e1s reciente en el Marco de la Feria Municipal, con tem\u00e1tica de Cultura Olmeca y Maya, titulada &#8220;Esto Somos&#8221;. Junto con el artista Ignacio M\u00e9ndez creamos murales y fundamos el grupo cultural Colosal Arte y Cultura Huimanguillo. Con el fin de realizar murales urbanos, fomentar y dar a conocer la riqueza cultural que hay en Huimanguillo.<\/p>\n<\/div>\n\n\n\n<div class=\"wp-block-column is-layout-flow wp-block-column-is-layout-flow\" style=\"flex-basis:15%\"><\/div>\n<\/div>\n<\/div>\n<\/div>\n<\/div><\/div>\n<\/div><\/div><\/div><\/div>\n\n\n\n<div class=\"wp-block-columns is-layout-flex wp-container-core-columns-is-layout-28f84493 wp-block-columns-is-layout-flex\">\n<div class=\"wp-block-column is-layout-flow wp-block-column-is-layout-flow\" style=\"flex-basis:15%\"><\/div>\n\n\n\n<div class=\"wp-block-column is-layout-flow wp-block-column-is-layout-flow\" style=\"flex-basis:15%\"><\/div>\n<\/div>\n\n\n\n<div class=\"wp-block-columns is-layout-flex wp-container-core-columns-is-layout-28f84493 wp-block-columns-is-layout-flex\">\n<div class=\"wp-block-column is-layout-flow wp-block-column-is-layout-flow\" style=\"flex-basis:15%\"><\/div>\n\n\n\n<div class=\"wp-block-column is-layout-flow wp-block-column-is-layout-flow\" style=\"flex-basis:70%\">\n<div class=\"wp-block-columns is-layout-flex wp-container-core-columns-is-layout-28f84493 wp-block-columns-is-layout-flex\">\n<div class=\"wp-block-column is-layout-flow wp-block-column-is-layout-flow\">\n<figure class=\"wp-block-image size-large\"><img decoding=\"async\" width=\"1024\" height=\"576\" src=\"https:\/\/normaleskildsen.mx\/eduprimaria\/wp-content\/uploads\/2025\/03\/MG_8991-edited-1024x576.jpg\" alt=\"\" class=\"wp-image-564\" srcset=\"https:\/\/normaleskildsen.mx\/eduprimaria\/wp-content\/uploads\/2025\/03\/MG_8991-edited-1024x576.jpg 1024w, https:\/\/normaleskildsen.mx\/eduprimaria\/wp-content\/uploads\/2025\/03\/MG_8991-edited-300x169.jpg 300w, https:\/\/normaleskildsen.mx\/eduprimaria\/wp-content\/uploads\/2025\/03\/MG_8991-edited-768x432.jpg 768w, https:\/\/normaleskildsen.mx\/eduprimaria\/wp-content\/uploads\/2025\/03\/MG_8991-edited.jpg 1311w\" sizes=\"(max-width: 1024px) 100vw, 1024px\" \/><\/figure>\n<\/div>\n\n\n\n<div class=\"wp-block-column is-layout-flow wp-block-column-is-layout-flow\">\n<figure class=\"wp-block-image size-large\"><img decoding=\"async\" width=\"1024\" height=\"576\" src=\"https:\/\/normaleskildsen.mx\/eduprimaria\/wp-content\/uploads\/2025\/03\/MG_9419-1-edited-1024x576.jpg\" alt=\"\" class=\"wp-image-563\" srcset=\"https:\/\/normaleskildsen.mx\/eduprimaria\/wp-content\/uploads\/2025\/03\/MG_9419-1-edited-1024x576.jpg 1024w, https:\/\/normaleskildsen.mx\/eduprimaria\/wp-content\/uploads\/2025\/03\/MG_9419-1-edited-300x169.jpg 300w, https:\/\/normaleskildsen.mx\/eduprimaria\/wp-content\/uploads\/2025\/03\/MG_9419-1-edited-768x432.jpg 768w, https:\/\/normaleskildsen.mx\/eduprimaria\/wp-content\/uploads\/2025\/03\/MG_9419-1-edited-1536x864.jpg 1536w, https:\/\/normaleskildsen.mx\/eduprimaria\/wp-content\/uploads\/2025\/03\/MG_9419-1-edited-2048x1152.jpg 2048w\" sizes=\"(max-width: 1024px) 100vw, 1024px\" \/><\/figure>\n<\/div>\n<\/div>\n<\/div>\n\n\n\n<div class=\"wp-block-column is-layout-flow wp-block-column-is-layout-flow\" style=\"flex-basis:15%\"><\/div>\n<\/div>\n\n\n\n<div class=\"wp-block-essential-blocks-text  root-eb-text-nlncj\"><div class=\"eb-parent-wrapper eb-parent-eb-text-nlncj \"><div class=\"eb-text-wrapper eb-text-nlncj\" data-id=\"eb-text-nlncj\"><p class=\"eb-text\"><\/p><\/div><\/div><\/div>\n\n\n\n<p style=\"margin-right:var(--wp--preset--spacing--80);margin-left:var(--wp--preset--spacing--80)\"><\/p>\n\n\n\n<p><\/p>\n","protected":false},"excerpt":{"rendered":"<p>Nuestros s\u00edmbolos intitucionales nos dan identidad y orgullo, por tanto se dedica este apartado en el cual podr\u00e1n encontrar nuestro invaluable Himno Institucional &#8220;Soy normalista&#8220;, nuestro Escudo, nuestros murales &#8220;Nuestro derecho c\u00f3smico a protestar&#8220;, &#8220;Ra\u00edces del normalismo&#8221; y la historia de nuestra fundadora, Dra. Rosario Mar\u00eda Guti\u00e9rrez Eskildsen.<\/p>\n","protected":false},"author":1,"featured_media":0,"parent":0,"menu_order":0,"comment_status":"closed","ping_status":"closed","template":"","meta":{"_eb_attr":"","h5ap_radio_sources":[],"footnotes":""},"class_list":["post-843","page","type-page","status-publish","hentry"],"_links":{"self":[{"href":"https:\/\/normaleskildsen.mx\/eduprimaria\/wp-json\/wp\/v2\/pages\/843","targetHints":{"allow":["GET"]}}],"collection":[{"href":"https:\/\/normaleskildsen.mx\/eduprimaria\/wp-json\/wp\/v2\/pages"}],"about":[{"href":"https:\/\/normaleskildsen.mx\/eduprimaria\/wp-json\/wp\/v2\/types\/page"}],"author":[{"embeddable":true,"href":"https:\/\/normaleskildsen.mx\/eduprimaria\/wp-json\/wp\/v2\/users\/1"}],"replies":[{"embeddable":true,"href":"https:\/\/normaleskildsen.mx\/eduprimaria\/wp-json\/wp\/v2\/comments?post=843"}],"version-history":[{"count":12,"href":"https:\/\/normaleskildsen.mx\/eduprimaria\/wp-json\/wp\/v2\/pages\/843\/revisions"}],"predecessor-version":[{"id":1351,"href":"https:\/\/normaleskildsen.mx\/eduprimaria\/wp-json\/wp\/v2\/pages\/843\/revisions\/1351"}],"wp:attachment":[{"href":"https:\/\/normaleskildsen.mx\/eduprimaria\/wp-json\/wp\/v2\/media?parent=843"}],"curies":[{"name":"wp","href":"https:\/\/api.w.org\/{rel}","templated":true}]}}